{"id":14681,"date":"2020-09-08T07:38:40","date_gmt":"2020-09-08T05:38:40","guid":{"rendered":"https:\/\/www.wisport.com.pl\/?post_type=product&#038;p=14681"},"modified":"2022-06-08T12:12:33","modified_gmt":"2022-06-08T10:12:33","slug":"a-man-portable-air-defense-system","status":"publish","type":"product","link":"https:\/\/www.wisport.com.pl\/en\/shop\/a-man-portable-air-defense-system\/","title":{"rendered":"A man-portable air-defense system"},"content":{"rendered":"<p align=\"CENTER\"><span style=\"font-family: Arial, serif;\"><span style=\"font-size: large;\"><b>PLECAK Z NOSZAKIEM<\/b><\/span><\/span><\/p>\n<p align=\"CENTER\"><span style=\"font-family: Arial, serif;\"><span style=\"font-size: large;\"><b>PPZR GROM<\/b><\/span><\/span><\/p>\n<p align=\"JUSTIFY\"><span style=\"font-family: Arial, serif;\"><span style=\"font-size: medium;\">System transportowy plecaka z noszakiem dla operatora zestawu PPZR GROM, s\u0142u\u017cy do przenoszenia ekwipunku osobistego \u017co\u0142nierza oraz komfortowego i bezpiecznego transportu Przeno\u015bnego Przeciwlotniczego Zestawu Rakietowego GROM z Interrogatorem Kr\u00f3tkiego Zasi\u0119gu w do\u0142\u0105czanych kieszeniach.<\/span><\/span><\/p>\n<p align=\"JUSTIFY\"><strong>System kompatybilny jest tak\u017ce z zestawem PPZR PIORUN.<\/strong><\/p>\n<p align=\"JUSTIFY\"><span style=\"font-family: Arial, serif;\"><span style=\"font-size: medium;\"><b>1. W sk\u0142ad systemu transportowego plecaka z noszakiem dla PPZR GROM wchodzi:<\/b><\/span><\/span><\/p>\n<ul>\n<li>\n<p align=\"JUSTIFY\"><span style=\"font-family: Arial, serif;\"><span style=\"font-size: medium;\">System no\u015bny dla PPZR GROM sk\u0142adaj\u0105cy si\u0119 z platformy z zamontowanymi szelkami i pasem no\u015bnym<\/span><\/span><\/p>\n<\/li>\n<li>\n<p align=\"JUSTIFY\"><span style=\"font-family: Arial, serif;\"><span style=\"font-size: medium;\">Odpinany\/dopinany do systemu no\u015bnego plecak transportowy,<\/span><\/span><\/p>\n<\/li>\n<li>\n<p align=\"JUSTIFY\"><span style=\"font-family: Arial, serif;\"><span style=\"font-size: medium;\">Odpinany\/dopinany do systemu no\u015bnego, noszak na wyrzutni\u0119<\/span><\/span><\/p>\n<\/li>\n<li>\n<p align=\"JUSTIFY\"><span style=\"font-family: Arial, serif;\"><span style=\"font-size: medium;\">Elementy ochronne wyrzutni<\/span><\/span><\/p>\n<\/li>\n<\/ul>\n<p align=\"JUSTIFY\"><span style=\"font-family: Arial, serif;\"><span style=\"font-size: medium;\"><b>2. Dodatkowe wyposa\u017cenie systemu transportowego:<\/b><\/span><\/span><\/p>\n<ul>\n<li>\n<p align=\"JUSTIFY\"><span style=\"font-family: Arial, serif;\"><span style=\"font-size: medium;\">Pokrowiec przeciwdeszczowy okrywaj\u0105cy zar\u00f3wno plecak transportowy jak i\u00a0pokrowiec z wyrzutni\u0105 (znajduj\u0105cy si\u0119 w podw\u00f3jnym dnie plecaka)<\/span><\/span><\/p>\n<\/li>\n<li>\n<p align=\"JUSTIFY\"><span style=\"font-family: Arial, serif;\"><span style=\"font-size: medium;\">System mocowania he\u0142mu do plecaka,<\/span><\/span><\/p>\n<\/li>\n<li>\n<p align=\"JUSTIFY\"><span style=\"font-family: Arial, serif;\"><span style=\"font-size: medium;\">System \u0142\u0105cz\u0105cy i zapewniaj\u0105cy stabilizacj\u0119 pomi\u0119dzy pokrowcem z\u00a0wyrzutni\u0105, a platform\u0105 z systemem no\u015bnym. System powinien zapewni\u0107 szybkie podpi\u0119cie\/odpi\u0119cie pokrowca z wyrzutni\u0105, oraz umo\u017cliwi\u0107 podpi\u0119cie\/odpi\u0119cie cz\u0119\u015bci z plecakiem w\u0142a\u015bciwym i\u00a0elementami IKZ.<\/span><\/span><\/p>\n<\/li>\n<li>\n<p align=\"JUSTIFY\"><span style=\"font-family: Arial, serif;\"><span style=\"font-size: medium;\">1 kiesze\u0144 na zapasowe \u017ar\u00f3d\u0142o zasilania do PPZR GROM oraz zapasow\u0105 bateri\u0119 do IKZ z zamykan\u0105 klap\u0105. (Kiesze\u0144 z mo\u017cliwo\u015bci\u0105 monta\u017cu z\u00a0lewej strony plecaka.)<\/span><\/span><\/p>\n<\/li>\n<li>\n<p align=\"JUSTIFY\"><span style=\"font-family: Arial, serif;\"><span style=\"font-size: medium;\">1 kiesze\u0144 na anten\u0119 do IKZ z zamykan\u0105 klap\u0105. (Kiesze\u0144 z mo\u017cliwo\u015bci\u0105 mocowana z prawej strony plecaka.)<\/span><\/span><\/p>\n<\/li>\n<\/ul>\n<ul>\n<li>\n<p align=\"JUSTIFY\"><span style=\"font-family: Arial, serif;\"><span style=\"font-size: medium;\">1 kiesze\u0144 na Mechanizm Startowy z zamykan\u0105 klap\u0105. (Kiesze\u0144 z\u00a0mo\u017cliwo\u015bci\u0105 mocowania na czo\u0142owej cz\u0119\u015bci plecaka.)<\/span><\/span><\/p>\n<\/li>\n<li>\n<p align=\"JUSTIFY\"><span style=\"font-family: Arial, serif;\"><span style=\"font-size: medium;\">1 kiesze\u0144 z zamykan\u0105 klap\u0105 na IKZ. W klapie kieszeni powinno znajdowa\u0107 si\u0119 uchylne okno z mo\u017cliwo\u015bci\u0105 zamkni\u0119cia na rzep, pozwalaj\u0105ce po\u0142\u0105czy\u0107 przewodami znajduj\u0105cy si\u0119 wewn\u0105trz IKZ z PPZR GROM. (Kiesze\u0144 z\u00a0mo\u017cliwo\u015bci\u0105 monta\u017cu na g\u00f3rnej klapie plecaka.)<\/span><\/span><\/p>\n<\/li>\n<\/ul>\n<p align=\"JUSTIFY\"><span style=\"font-family: Arial, serif;\"><span style=\"font-size: medium;\">\u015acianki wszystkich kieszeni s\u0105 wype\u0142nione piank\u0105 grubo\u015bci oko\u0142o 5mm, a ich system mocowania zapewnia operatorom indywidualn\u0105 konfiguracj\u0119 w\u00a0zale\u017cno\u015bci od potrzeb.<\/span><\/span><\/p>\n<p align=\"JUSTIFY\"><span style=\"font-family: Arial, serif;\"><span style=\"font-size: medium;\"><b>3. Dane techniczne:<\/b><\/span><\/span><\/p>\n<p align=\"JUSTIFY\"><span style=\"font-family: Arial, serif;\"><span style=\"font-size: medium;\">Wymiary kieszeni:<\/span><\/span><\/p>\n<ul>\n<li>\n<p align=\"JUSTIFY\"><span style=\"font-family: Arial, serif;\"><span style=\"font-size: medium;\">na IKZ: 20 cm x 23 cm x 10 cm <\/span><\/span><\/p>\n<\/li>\n<li>\n<p align=\"JUSTIFY\"><span style=\"font-family: Arial, serif;\"><span style=\"font-size: medium;\">na Mechanizm Startowy: 36 cm x 17 cm x 10 cm<\/span><\/span><\/p>\n<\/li>\n<li>\n<p align=\"JUSTIFY\"><span style=\"font-family: Arial, serif;\"><span style=\"font-size: medium;\">na anten\u0119 do IKZ: 32 cm x 22 cm x 10 cm<\/span><\/span><\/p>\n<\/li>\n<li>\n<p align=\"JUSTIFY\"><span style=\"font-family: Arial, serif;\"><span style=\"font-size: medium;\">na zapasowe \u017ar\u00f3d\u0142o zasilania do PPZR GROM: 16 cm x 9 cm x 10 cm<\/span><\/span><\/p>\n<\/li>\n<\/ul>\n<p align=\"JUSTIFY\"><span style=\"font-family: Arial, serif;\"><span style=\"font-size: medium;\">Pojemno\u015b\u0107 plecaka transportowego: do 65 l.<\/span><\/span><\/p>\n<p align=\"JUSTIFY\"><span style=\"font-family: Arial, serif;\"><span style=\"font-size: medium;\">Waga ca\u0142ego systemu: oko\u0142o 5 kg<\/span><\/span><\/p>\n<p align=\"JUSTIFY\"><span style=\"font-family: Arial, serif;\"><span style=\"font-size: medium;\"><b>4 . Cechy systemu transportowego plecaka z noszakiem dla PPZR GROM.<\/b><\/span><\/span><\/p>\n<p align=\"JUSTIFY\"><span style=\"font-family: Arial, serif;\"><span style=\"font-size: medium;\">Bry\u0142a g\u0142\u00f3wna plecaka posiada:<\/span><\/span><\/p>\n<ul>\n<li>\n<p align=\"JUSTIFY\"><span style=\"font-family: Arial, serif;\"><span style=\"font-size: medium;\">dost\u0119p do zawarto\u015bci komory g\u0142\u00f3wnej plecaka od g\u00f3ry oraz od frontu plecaka (przez klap\u0119 odpinan\u0105 zamkiem krytym w kszta\u0142cie odwr\u00f3conej litery U), <\/span><\/span><\/p>\n<\/li>\n<li>\n<p align=\"JUSTIFY\"><span style=\"font-family: Arial, serif;\"><span style=\"font-size: medium;\">na tylnej \u015bcianie (wewn\u0105trz plecaka) dodatkowe komory na system hydracyjny, oraz kiesze\u0144 zamykan\u0105 na zamek b\u0142yskawiczny na drobny ekwipunek,<\/span><\/span><\/p>\n<\/li>\n<li>\n<p align=\"JUSTIFY\"><span style=\"font-family: Arial, serif;\"><span style=\"font-size: medium;\">w podw\u00f3jnym dnie plecaka kiesze\u0144 na pokrowiec przeciwdeszczowy plecaka,<\/span><\/span><\/p>\n<\/li>\n<li>\n<p align=\"JUSTIFY\"><span style=\"font-family: Arial, serif;\"><span style=\"font-size: medium;\">pokrowiec przeciwdeszczowy wykonany z lekkiego, wodoodpornego materia\u0142u, zapewniaj\u0105cy przykrycie ca\u0142ego plecaka wraz z noszakiem. <\/span><\/span><\/p>\n<\/li>\n<li>\n<p align=\"JUSTIFY\"><span style=\"font-family: Arial, serif;\"><span style=\"font-size: medium;\">system w ca\u0142o\u015bci obszyty ta\u015bmami w systemie PALS (front, boki oraz klapa klapa plecaka),<\/span><\/span><\/p>\n<\/li>\n<li>\n<p align=\"JUSTIFY\"><span style=\"font-family: Arial, serif;\"><span style=\"font-size: medium;\">system no\u015bny z p\u0142ynn\u0105 regulacj\u0105 pozwalaj\u0105c\u0105 na dostosowanie wysoko\u015bci noszaka do wzrostu u\u017cytkownika, <\/span><\/span><\/p>\n<\/li>\n<li>\n<p align=\"JUSTIFY\"><span style=\"font-family: Arial, serif;\"><span style=\"font-size: medium;\">system no\u015bny usztywniony p\u0142askownikami aluminiowymi lakierowanymi na kolor czarny, oraz p\u0142yt\u0105 wykonan\u0105 z pianki o\u00a0wysokiej g\u0119sto\u015bci zapewniaj\u0105c\u0105 sztywno\u015b\u0107 konstrukcji plec\u00f3w,<\/span><\/span><\/p>\n<\/li>\n<li>\n<p align=\"JUSTIFY\"><span style=\"font-family: Arial, serif;\"><span style=\"font-size: medium;\">szelki plecaka z systemem szybkiego wypinania, ta\u015bmy PALS umo\u017cliwiaj\u0105 mocowanie radia, w\u0119\u017cyka systemu hydracyjnego itp., a tak\u017ce pas piersiowy zapobiegaj\u0105cy rozchodzeniu si\u0119 szelek,<\/span><\/span><\/p>\n<\/li>\n<li>\n<p align=\"JUSTIFY\"><span style=\"font-family: Arial, serif;\"><span style=\"font-size: medium;\">system no\u015bny i szelki od wewn\u0105trz obszyte siatk\u0105 dystansow\u0105 w kolorze plecaka, zapewniaj\u0105c\u0105 lepszy przep\u0142yw powietrza pomi\u0119dzy u\u017cytkownikiem, a systemem no\u015bnym plecaka.<\/span><\/span><\/p>\n<\/li>\n<\/ul>\n","protected":false},"excerpt":{"rendered":"<p>Transport system for the operator of the man-portable air-defense system GROM \/ PIORUN<\/p>\n","protected":false},"featured_media":14683,"comment_status":"closed","ping_status":"closed","template":"","meta":{"_acf_changed":false},"product_brand":[],"product_cat":[306,308],"product_tag":[],"class_list":{"0":"post-14681","1":"product","2":"type-product","3":"status-publish","4":"has-post-thumbnail","6":"product_cat-backpacks","7":"product_cat-specials","9":"first","10":"onbackorder","11":"shipping-taxable","12":"purchasable","13":"product-type-simple"},"acf":[],"yoast_head":"<!-- This site is optimized with the Yoast SEO plugin v27.5 - https:\/\/yoast.com\/product\/yoast-seo-wordpress\/ -->\n<title>A man-portable air-defense system - WISPORT<\/title>\n<meta name=\"robots\" content=\"index, follow, max-snippet:-1, max-image-preview:large, max-video-preview:-1\" \/>\n<link rel=\"canonical\" href=\"https:\/\/www.wisport.com.pl\/en\/shop\/a-man-portable-air-defense-system\/\" \/>\n<meta property=\"og:locale\" content=\"en_US\" \/>\n<meta property=\"og:type\" content=\"article\" \/>\n<meta property=\"og:title\" content=\"A man-portable air-defense system - WISPORT\" \/>\n<meta property=\"og:description\" content=\"Transport system for the operator of the man-portable air-defense system GROM \/ PIORUN\" \/>\n<meta property=\"og:url\" content=\"https:\/\/www.wisport.com.pl\/en\/shop\/a-man-portable-air-defense-system\/\" \/>\n<meta property=\"og:site_name\" content=\"WISPORT\" \/>\n<meta property=\"article:modified_time\" content=\"2022-06-08T10:12:33+00:00\" \/>\n<meta name=\"twitter:card\" content=\"summary_large_image\" \/>\n<meta name=\"twitter:label1\" content=\"Est. reading time\" \/>\n\t<meta name=\"twitter:data1\" content=\"3 minutes\" \/>\n<script type=\"application\/ld+json\" class=\"yoast-schema-graph\">{\"@context\":\"https:\\\/\\\/schema.org\",\"@graph\":[{\"@type\":\"WebPage\",\"@id\":\"https:\\\/\\\/www.wisport.com.pl\\\/en\\\/shop\\\/a-man-portable-air-defense-system\\\/\",\"url\":\"https:\\\/\\\/www.wisport.com.pl\\\/en\\\/shop\\\/a-man-portable-air-defense-system\\\/\",\"name\":\"A man-portable air-defense system - WISPORT\",\"isPartOf\":{\"@id\":\"https:\\\/\\\/www.wisport.com.pl\\\/#website\"},\"primaryImageOfPage\":{\"@id\":\"https:\\\/\\\/www.wisport.com.pl\\\/en\\\/shop\\\/a-man-portable-air-defense-system\\\/#primaryimage\"},\"image\":{\"@id\":\"https:\\\/\\\/www.wisport.com.pl\\\/en\\\/shop\\\/a-man-portable-air-defense-system\\\/#primaryimage\"},\"thumbnailUrl\":\"https:\\\/\\\/www.wisport.com.pl\\\/wp-content\\\/uploads\\\/komplet-1a-scaled.jpg\",\"datePublished\":\"2020-09-08T05:38:40+00:00\",\"dateModified\":\"2022-06-08T10:12:33+00:00\",\"breadcrumb\":{\"@id\":\"https:\\\/\\\/www.wisport.com.pl\\\/en\\\/shop\\\/a-man-portable-air-defense-system\\\/#breadcrumb\"},\"inLanguage\":\"en-US\",\"potentialAction\":[{\"@type\":\"ReadAction\",\"target\":[\"https:\\\/\\\/www.wisport.com.pl\\\/en\\\/shop\\\/a-man-portable-air-defense-system\\\/\"]}]},{\"@type\":\"ImageObject\",\"inLanguage\":\"en-US\",\"@id\":\"https:\\\/\\\/www.wisport.com.pl\\\/en\\\/shop\\\/a-man-portable-air-defense-system\\\/#primaryimage\",\"url\":\"https:\\\/\\\/www.wisport.com.pl\\\/wp-content\\\/uploads\\\/komplet-1a-scaled.jpg\",\"contentUrl\":\"https:\\\/\\\/www.wisport.com.pl\\\/wp-content\\\/uploads\\\/komplet-1a-scaled.jpg\",\"width\":853,\"height\":2048},{\"@type\":\"BreadcrumbList\",\"@id\":\"https:\\\/\\\/www.wisport.com.pl\\\/en\\\/shop\\\/a-man-portable-air-defense-system\\\/#breadcrumb\",\"itemListElement\":[{\"@type\":\"ListItem\",\"position\":1,\"name\":\"Home\",\"item\":\"https:\\\/\\\/www.wisport.com.pl\\\/en\\\/\"},{\"@type\":\"ListItem\",\"position\":2,\"name\":\"Shop\",\"item\":\"https:\\\/\\\/www.wisport.com.pl\\\/en\\\/shop\\\/\"},{\"@type\":\"ListItem\",\"position\":3,\"name\":\"Plecaki\",\"item\":\"https:\\\/\\\/www.wisport.com.pl\\\/kategoria-produktu\\\/plecaki\\\/\"},{\"@type\":\"ListItem\",\"position\":4,\"name\":\"A man-portable air-defense system\"}]},{\"@type\":\"WebSite\",\"@id\":\"https:\\\/\\\/www.wisport.com.pl\\\/#website\",\"url\":\"https:\\\/\\\/www.wisport.com.pl\\\/\",\"name\":\"WISPORT\",\"description\":\"Polski producent sprz\u0119tu outdoorowego\",\"potentialAction\":[{\"@type\":\"SearchAction\",\"target\":{\"@type\":\"EntryPoint\",\"urlTemplate\":\"https:\\\/\\\/www.wisport.com.pl\\\/?s={search_term_string}\"},\"query-input\":{\"@type\":\"PropertyValueSpecification\",\"valueRequired\":true,\"valueName\":\"search_term_string\"}}],\"inLanguage\":\"en-US\"}]}<\/script>\n<!-- \/ Yoast SEO plugin. -->","yoast_head_json":{"title":"A man-portable air-defense system - WISPORT","robots":{"index":"index","follow":"follow","max-snippet":"max-snippet:-1","max-image-preview":"max-image-preview:large","max-video-preview":"max-video-preview:-1"},"canonical":"https:\/\/www.wisport.com.pl\/en\/shop\/a-man-portable-air-defense-system\/","og_locale":"en_US","og_type":"article","og_title":"A man-portable air-defense system - WISPORT","og_description":"Transport system for the operator of the man-portable air-defense system GROM \/ PIORUN","og_url":"https:\/\/www.wisport.com.pl\/en\/shop\/a-man-portable-air-defense-system\/","og_site_name":"WISPORT","article_modified_time":"2022-06-08T10:12:33+00:00","twitter_card":"summary_large_image","twitter_misc":{"Est. reading time":"3 minutes"},"schema":{"@context":"https:\/\/schema.org","@graph":[{"@type":"WebPage","@id":"https:\/\/www.wisport.com.pl\/en\/shop\/a-man-portable-air-defense-system\/","url":"https:\/\/www.wisport.com.pl\/en\/shop\/a-man-portable-air-defense-system\/","name":"A man-portable air-defense system - WISPORT","isPartOf":{"@id":"https:\/\/www.wisport.com.pl\/#website"},"primaryImageOfPage":{"@id":"https:\/\/www.wisport.com.pl\/en\/shop\/a-man-portable-air-defense-system\/#primaryimage"},"image":{"@id":"https:\/\/www.wisport.com.pl\/en\/shop\/a-man-portable-air-defense-system\/#primaryimage"},"thumbnailUrl":"https:\/\/www.wisport.com.pl\/wp-content\/uploads\/komplet-1a-scaled.jpg","datePublished":"2020-09-08T05:38:40+00:00","dateModified":"2022-06-08T10:12:33+00:00","breadcrumb":{"@id":"https:\/\/www.wisport.com.pl\/en\/shop\/a-man-portable-air-defense-system\/#breadcrumb"},"inLanguage":"en-US","potentialAction":[{"@type":"ReadAction","target":["https:\/\/www.wisport.com.pl\/en\/shop\/a-man-portable-air-defense-system\/"]}]},{"@type":"ImageObject","inLanguage":"en-US","@id":"https:\/\/www.wisport.com.pl\/en\/shop\/a-man-portable-air-defense-system\/#primaryimage","url":"https:\/\/www.wisport.com.pl\/wp-content\/uploads\/komplet-1a-scaled.jpg","contentUrl":"https:\/\/www.wisport.com.pl\/wp-content\/uploads\/komplet-1a-scaled.jpg","width":853,"height":2048},{"@type":"BreadcrumbList","@id":"https:\/\/www.wisport.com.pl\/en\/shop\/a-man-portable-air-defense-system\/#breadcrumb","itemListElement":[{"@type":"ListItem","position":1,"name":"Home","item":"https:\/\/www.wisport.com.pl\/en\/"},{"@type":"ListItem","position":2,"name":"Shop","item":"https:\/\/www.wisport.com.pl\/en\/shop\/"},{"@type":"ListItem","position":3,"name":"Plecaki","item":"https:\/\/www.wisport.com.pl\/kategoria-produktu\/plecaki\/"},{"@type":"ListItem","position":4,"name":"A man-portable air-defense system"}]},{"@type":"WebSite","@id":"https:\/\/www.wisport.com.pl\/#website","url":"https:\/\/www.wisport.com.pl\/","name":"WISPORT","description":"Polski producent sprz\u0119tu outdoorowego","potentialAction":[{"@type":"SearchAction","target":{"@type":"EntryPoint","urlTemplate":"https:\/\/www.wisport.com.pl\/?s={search_term_string}"},"query-input":{"@type":"PropertyValueSpecification","valueRequired":true,"valueName":"search_term_string"}}],"inLanguage":"en-US"}]}},"_links":{"self":[{"href":"https:\/\/www.wisport.com.pl\/en\/wp-json\/wp\/v2\/product\/14681","targetHints":{"allow":["GET"]}}],"collection":[{"href":"https:\/\/www.wisport.com.pl\/en\/wp-json\/wp\/v2\/product"}],"about":[{"href":"https:\/\/www.wisport.com.pl\/en\/wp-json\/wp\/v2\/types\/product"}],"replies":[{"embeddable":true,"href":"https:\/\/www.wisport.com.pl\/en\/wp-json\/wp\/v2\/comments?post=14681"}],"wp:featuredmedia":[{"embeddable":true,"href":"https:\/\/www.wisport.com.pl\/en\/wp-json\/wp\/v2\/media\/14683"}],"wp:attachment":[{"href":"https:\/\/www.wisport.com.pl\/en\/wp-json\/wp\/v2\/media?parent=14681"}],"wp:term":[{"taxonomy":"product_brand","embeddable":true,"href":"https:\/\/www.wisport.com.pl\/en\/wp-json\/wp\/v2\/product_brand?post=14681"},{"taxonomy":"product_cat","embeddable":true,"href":"https:\/\/www.wisport.com.pl\/en\/wp-json\/wp\/v2\/product_cat?post=14681"},{"taxonomy":"product_tag","embeddable":true,"href":"https:\/\/www.wisport.com.pl\/en\/wp-json\/wp\/v2\/product_tag?post=14681"}],"curies":[{"name":"wp","href":"https:\/\/api.w.org\/{rel}","templated":true}]}}